{"id":953,"date":"2025-12-04T10:35:24","date_gmt":"2025-12-04T08:35:24","guid":{"rendered":"https:\/\/www.epilepsia.fi\/epilepsiatutkimussaatio\/?page_id=953"},"modified":"2025-12-04T10:35:59","modified_gmt":"2025-12-04T08:35:59","slug":"vaitosuutisia-katarin-gorski-vaittelee-helsingin-yliopistossa-5-12-2025","status":"publish","type":"page","link":"https:\/\/www.epilepsia.fi\/epilepsiatutkimussaatio\/vaitosuutisia-katarin-gorski-vaittelee-helsingin-yliopistossa-5-12-2025\/","title":{"rendered":"V\u00e4it\u00f6suutisia: Katarin Gorski v\u00e4ittelee Helsingin yliopistossa 5.12.2025"},"content":{"rendered":"\n<p>Apurahatutkijamme <strong>Katarin Gorski <\/strong>v\u00e4ittelee perjantaina 5.12.2025 klo 13 aiheesta <em>\u201cInsights into synaptic physiology from omics analyses in the early disease onset of CSTB-deficient mice modeling EPM1\u201d<\/em>.<\/p>\n\n\n\n<p>V\u00e4it\u00f6stilaisuus on avoin ja se pidet\u00e4\u00e4n perjantaina 5. joulukuuta klo 13 luentosalissa 2, Biomedicum Helsinki 1, Haartmaninkatu 8.<\/p>\n\n\n\n<p>&nbsp;Vastav\u00e4itt\u00e4j\u00e4n\u00e4 toimii professori Sara Mole (University College London, Englanti).<\/p>\n\n\n\n<p>V\u00e4it\u00f6skirja l\u00f6ytyy t\u00e4\u00e4lt\u00e4: <a href=\"https:\/\/helda.helsinki.fi\/items\/f65064bb-6214-4fbe-92a7-1dc1f14c61fd\" target=\"_blank\" rel=\"noreferrer noopener\">https:\/\/helda.helsinki.fi\/items\/f65064bb-6214-4fbe-92a7-1dc1f14c61fd<\/a><\/p>\n\n\n\n<p>V\u00e4it\u00f6stilaisuuden striimia voi seurata my\u00f6s oheisen linkin kautta: <a href=\"https:\/\/video.helsinki.fi\/unitube\/live-stream.html?room=l43\" target=\"_blank\" rel=\"noreferrer noopener\">https:\/\/video.helsinki.fi\/unitube\/live-stream.html?room=l43<\/a><\/p>\n\n\n\n<p>L\u00e4mpim\u00e4t onnittelut Katarinille!<\/p>\n\n\n\n<figure class=\"wp-block-image size-full\"><img loading=\"lazy\" decoding=\"async\" width=\"830\" height=\"554\" src=\"https:\/\/www.epilepsia.fi\/epilepsiatutkimussaatio\/wp-content\/uploads\/sites\/2\/2025\/12\/pexels-pixabay-159775.png\" alt=\"\" class=\"wp-image-951\" srcset=\"https:\/\/www.epilepsia.fi\/epilepsiatutkimussaatio\/wp-content\/uploads\/sites\/2\/2025\/12\/pexels-pixabay-159775.png 830w, https:\/\/www.epilepsia.fi\/epilepsiatutkimussaatio\/wp-content\/uploads\/sites\/2\/2025\/12\/pexels-pixabay-159775-300x200.png 300w, https:\/\/www.epilepsia.fi\/epilepsiatutkimussaatio\/wp-content\/uploads\/sites\/2\/2025\/12\/pexels-pixabay-159775-768x513.png 768w\" sizes=\"auto, (max-width: 830px) 100vw, 830px\" \/><\/figure>\n","protected":false},"excerpt":{"rendered":"<p>Apurahatutkijamme Katarin Gorski v\u00e4ittelee perjantaina 5.12.2025 klo 13 aiheesta \u201cInsights into synaptic physiology from omics analyses in the early disease onset of CSTB-deficient mice modeling EPM1\u201d. V\u00e4it\u00f6stilaisuus on avoin ja se pidet\u00e4\u00e4n perjantaina 5. joulukuuta klo 13 luentosalissa 2, Biomedicum Helsinki 1, Haartmaninkatu 8. &nbsp;Vastav\u00e4itt\u00e4j\u00e4n\u00e4 toimii professori Sara Mole (University College London, Englanti). V\u00e4it\u00f6skirja l\u00f6ytyy [&hellip;]<\/p>\n","protected":false},"author":19,"featured_media":0,"parent":0,"menu_order":0,"comment_status":"closed","ping_status":"closed","template":"","meta":{"_acf_changed":false,"footnotes":""},"class_list":["post-953","page","type-page","status-publish","hentry"],"acf":[],"yoast_head":"<!-- This site is optimized with the Yoast SEO plugin v27.5 - https:\/\/yoast.com\/product\/yoast-seo-wordpress\/ -->\n<title>V\u00e4it\u00f6suutisia: Katarin Gorski v\u00e4ittelee Helsingin yliopistossa 5.12.2025 - Epilepsiatutkimuss\u00e4\u00e4ti\u00f6<\/title>\n<meta name=\"robots\" content=\"index, follow, max-snippet:-1, max-image-preview:large, max-video-preview:-1\" \/>\n<link rel=\"canonical\" href=\"https:\/\/www.epilepsia.fi\/epilepsiatutkimussaatio\/vaitosuutisia-katarin-gorski-vaittelee-helsingin-yliopistossa-5-12-2025\/\" \/>\n<meta property=\"og:locale\" content=\"fi_FI\" \/>\n<meta property=\"og:type\" content=\"article\" \/>\n<meta property=\"og:title\" content=\"V\u00e4it\u00f6suutisia: Katarin Gorski v\u00e4ittelee Helsingin yliopistossa 5.12.2025 - Epilepsiatutkimuss\u00e4\u00e4ti\u00f6\" \/>\n<meta property=\"og:description\" content=\"Apurahatutkijamme Katarin Gorski v\u00e4ittelee perjantaina 5.12.2025 klo 13 aiheesta \u201cInsights into synaptic physiology from omics analyses in the early disease onset of CSTB-deficient mice modeling EPM1\u201d. V\u00e4it\u00f6stilaisuus on avoin ja se pidet\u00e4\u00e4n perjantaina 5. joulukuuta klo 13 luentosalissa 2, Biomedicum Helsinki 1, Haartmaninkatu 8. &nbsp;Vastav\u00e4itt\u00e4j\u00e4n\u00e4 toimii professori Sara Mole (University College London, Englanti). V\u00e4it\u00f6skirja l\u00f6ytyy [&hellip;]\" \/>\n<meta property=\"og:url\" content=\"https:\/\/www.epilepsia.fi\/epilepsiatutkimussaatio\/vaitosuutisia-katarin-gorski-vaittelee-helsingin-yliopistossa-5-12-2025\/\" \/>\n<meta property=\"og:site_name\" content=\"Epilepsiatutkimuss\u00e4\u00e4ti\u00f6\" \/>\n<meta property=\"article:modified_time\" content=\"2025-12-04T08:35:59+00:00\" \/>\n<meta property=\"og:image\" content=\"https:\/\/www.epilepsia.fi\/epilepsiatutkimussaatio\/wp-content\/uploads\/sites\/2\/2025\/12\/pexels-pixabay-159775.png\" \/>\n\t<meta property=\"og:image:width\" content=\"830\" \/>\n\t<meta property=\"og:image:height\" content=\"554\" \/>\n\t<meta property=\"og:image:type\" content=\"image\/png\" \/>\n<meta name=\"twitter:card\" content=\"summary_large_image\" \/>\n<meta name=\"twitter:label1\" content=\"Arvioitu lukuaika\" \/>\n\t<meta name=\"twitter:data1\" content=\"1 minuutti\" \/>\n<script type=\"application\/ld+json\" class=\"yoast-schema-graph\">{\"@context\":\"https:\\\/\\\/schema.org\",\"@graph\":[{\"@type\":\"WebPage\",\"@id\":\"https:\\\/\\\/www.epilepsia.fi\\\/epilepsiatutkimussaatio\\\/vaitosuutisia-katarin-gorski-vaittelee-helsingin-yliopistossa-5-12-2025\\\/\",\"url\":\"https:\\\/\\\/www.epilepsia.fi\\\/epilepsiatutkimussaatio\\\/vaitosuutisia-katarin-gorski-vaittelee-helsingin-yliopistossa-5-12-2025\\\/\",\"name\":\"V\u00e4it\u00f6suutisia: Katarin Gorski v\u00e4ittelee Helsingin yliopistossa 5.12.2025 - Epilepsiatutkimuss\u00e4\u00e4ti\u00f6\",\"isPartOf\":{\"@id\":\"https:\\\/\\\/www.epilepsia.fi\\\/epilepsiatutkimussaatio\\\/#website\"},\"primaryImageOfPage\":{\"@id\":\"https:\\\/\\\/www.epilepsia.fi\\\/epilepsiatutkimussaatio\\\/vaitosuutisia-katarin-gorski-vaittelee-helsingin-yliopistossa-5-12-2025\\\/#primaryimage\"},\"image\":{\"@id\":\"https:\\\/\\\/www.epilepsia.fi\\\/epilepsiatutkimussaatio\\\/vaitosuutisia-katarin-gorski-vaittelee-helsingin-yliopistossa-5-12-2025\\\/#primaryimage\"},\"thumbnailUrl\":\"https:\\\/\\\/www.epilepsia.fi\\\/epilepsiatutkimussaatio\\\/wp-content\\\/uploads\\\/sites\\\/2\\\/2025\\\/12\\\/pexels-pixabay-159775.png\",\"datePublished\":\"2025-12-04T08:35:24+00:00\",\"dateModified\":\"2025-12-04T08:35:59+00:00\",\"breadcrumb\":{\"@id\":\"https:\\\/\\\/www.epilepsia.fi\\\/epilepsiatutkimussaatio\\\/vaitosuutisia-katarin-gorski-vaittelee-helsingin-yliopistossa-5-12-2025\\\/#breadcrumb\"},\"inLanguage\":\"fi\",\"potentialAction\":[{\"@type\":\"ReadAction\",\"target\":[\"https:\\\/\\\/www.epilepsia.fi\\\/epilepsiatutkimussaatio\\\/vaitosuutisia-katarin-gorski-vaittelee-helsingin-yliopistossa-5-12-2025\\\/\"]}]},{\"@type\":\"ImageObject\",\"inLanguage\":\"fi\",\"@id\":\"https:\\\/\\\/www.epilepsia.fi\\\/epilepsiatutkimussaatio\\\/vaitosuutisia-katarin-gorski-vaittelee-helsingin-yliopistossa-5-12-2025\\\/#primaryimage\",\"url\":\"https:\\\/\\\/www.epilepsia.fi\\\/epilepsiatutkimussaatio\\\/wp-content\\\/uploads\\\/sites\\\/2\\\/2025\\\/12\\\/pexels-pixabay-159775.png\",\"contentUrl\":\"https:\\\/\\\/www.epilepsia.fi\\\/epilepsiatutkimussaatio\\\/wp-content\\\/uploads\\\/sites\\\/2\\\/2025\\\/12\\\/pexels-pixabay-159775.png\",\"width\":830,\"height\":554},{\"@type\":\"BreadcrumbList\",\"@id\":\"https:\\\/\\\/www.epilepsia.fi\\\/epilepsiatutkimussaatio\\\/vaitosuutisia-katarin-gorski-vaittelee-helsingin-yliopistossa-5-12-2025\\\/#breadcrumb\",\"itemListElement\":[{\"@type\":\"ListItem\",\"position\":1,\"name\":\"Home\",\"item\":\"https:\\\/\\\/www.epilepsia.fi\\\/epilepsiatutkimussaatio\\\/\"},{\"@type\":\"ListItem\",\"position\":2,\"name\":\"V\u00e4it\u00f6suutisia: Katarin Gorski v\u00e4ittelee Helsingin yliopistossa 5.12.2025\"}]},{\"@type\":\"WebSite\",\"@id\":\"https:\\\/\\\/www.epilepsia.fi\\\/epilepsiatutkimussaatio\\\/#website\",\"url\":\"https:\\\/\\\/www.epilepsia.fi\\\/epilepsiatutkimussaatio\\\/\",\"name\":\"Epilepsiatutkimuss\u00e4\u00e4ti\u00f6\",\"description\":\"Epilepsiatutkimuss\u00e4\u00e4ti\u00f6 site\",\"potentialAction\":[{\"@type\":\"SearchAction\",\"target\":{\"@type\":\"EntryPoint\",\"urlTemplate\":\"https:\\\/\\\/www.epilepsia.fi\\\/epilepsiatutkimussaatio\\\/?s={search_term_string}\"},\"query-input\":{\"@type\":\"PropertyValueSpecification\",\"valueRequired\":true,\"valueName\":\"search_term_string\"}}],\"inLanguage\":\"fi\"}]}<\/script>\n<!-- \/ Yoast SEO plugin. -->","yoast_head_json":{"title":"V\u00e4it\u00f6suutisia: Katarin Gorski v\u00e4ittelee Helsingin yliopistossa 5.12.2025 - Epilepsiatutkimuss\u00e4\u00e4ti\u00f6","robots":{"index":"index","follow":"follow","max-snippet":"max-snippet:-1","max-image-preview":"max-image-preview:large","max-video-preview":"max-video-preview:-1"},"canonical":"https:\/\/www.epilepsia.fi\/epilepsiatutkimussaatio\/vaitosuutisia-katarin-gorski-vaittelee-helsingin-yliopistossa-5-12-2025\/","og_locale":"fi_FI","og_type":"article","og_title":"V\u00e4it\u00f6suutisia: Katarin Gorski v\u00e4ittelee Helsingin yliopistossa 5.12.2025 - Epilepsiatutkimuss\u00e4\u00e4ti\u00f6","og_description":"Apurahatutkijamme Katarin Gorski v\u00e4ittelee perjantaina 5.12.2025 klo 13 aiheesta \u201cInsights into synaptic physiology from omics analyses in the early disease onset of CSTB-deficient mice modeling EPM1\u201d. V\u00e4it\u00f6stilaisuus on avoin ja se pidet\u00e4\u00e4n perjantaina 5. joulukuuta klo 13 luentosalissa 2, Biomedicum Helsinki 1, Haartmaninkatu 8. &nbsp;Vastav\u00e4itt\u00e4j\u00e4n\u00e4 toimii professori Sara Mole (University College London, Englanti). V\u00e4it\u00f6skirja l\u00f6ytyy [&hellip;]","og_url":"https:\/\/www.epilepsia.fi\/epilepsiatutkimussaatio\/vaitosuutisia-katarin-gorski-vaittelee-helsingin-yliopistossa-5-12-2025\/","og_site_name":"Epilepsiatutkimuss\u00e4\u00e4ti\u00f6","article_modified_time":"2025-12-04T08:35:59+00:00","og_image":[{"width":830,"height":554,"url":"https:\/\/www.epilepsia.fi\/epilepsiatutkimussaatio\/wp-content\/uploads\/sites\/2\/2025\/12\/pexels-pixabay-159775.png","type":"image\/png"}],"twitter_card":"summary_large_image","twitter_misc":{"Arvioitu lukuaika":"1 minuutti"},"schema":{"@context":"https:\/\/schema.org","@graph":[{"@type":"WebPage","@id":"https:\/\/www.epilepsia.fi\/epilepsiatutkimussaatio\/vaitosuutisia-katarin-gorski-vaittelee-helsingin-yliopistossa-5-12-2025\/","url":"https:\/\/www.epilepsia.fi\/epilepsiatutkimussaatio\/vaitosuutisia-katarin-gorski-vaittelee-helsingin-yliopistossa-5-12-2025\/","name":"V\u00e4it\u00f6suutisia: Katarin Gorski v\u00e4ittelee Helsingin yliopistossa 5.12.2025 - Epilepsiatutkimuss\u00e4\u00e4ti\u00f6","isPartOf":{"@id":"https:\/\/www.epilepsia.fi\/epilepsiatutkimussaatio\/#website"},"primaryImageOfPage":{"@id":"https:\/\/www.epilepsia.fi\/epilepsiatutkimussaatio\/vaitosuutisia-katarin-gorski-vaittelee-helsingin-yliopistossa-5-12-2025\/#primaryimage"},"image":{"@id":"https:\/\/www.epilepsia.fi\/epilepsiatutkimussaatio\/vaitosuutisia-katarin-gorski-vaittelee-helsingin-yliopistossa-5-12-2025\/#primaryimage"},"thumbnailUrl":"https:\/\/www.epilepsia.fi\/epilepsiatutkimussaatio\/wp-content\/uploads\/sites\/2\/2025\/12\/pexels-pixabay-159775.png","datePublished":"2025-12-04T08:35:24+00:00","dateModified":"2025-12-04T08:35:59+00:00","breadcrumb":{"@id":"https:\/\/www.epilepsia.fi\/epilepsiatutkimussaatio\/vaitosuutisia-katarin-gorski-vaittelee-helsingin-yliopistossa-5-12-2025\/#breadcrumb"},"inLanguage":"fi","potentialAction":[{"@type":"ReadAction","target":["https:\/\/www.epilepsia.fi\/epilepsiatutkimussaatio\/vaitosuutisia-katarin-gorski-vaittelee-helsingin-yliopistossa-5-12-2025\/"]}]},{"@type":"ImageObject","inLanguage":"fi","@id":"https:\/\/www.epilepsia.fi\/epilepsiatutkimussaatio\/vaitosuutisia-katarin-gorski-vaittelee-helsingin-yliopistossa-5-12-2025\/#primaryimage","url":"https:\/\/www.epilepsia.fi\/epilepsiatutkimussaatio\/wp-content\/uploads\/sites\/2\/2025\/12\/pexels-pixabay-159775.png","contentUrl":"https:\/\/www.epilepsia.fi\/epilepsiatutkimussaatio\/wp-content\/uploads\/sites\/2\/2025\/12\/pexels-pixabay-159775.png","width":830,"height":554},{"@type":"BreadcrumbList","@id":"https:\/\/www.epilepsia.fi\/epilepsiatutkimussaatio\/vaitosuutisia-katarin-gorski-vaittelee-helsingin-yliopistossa-5-12-2025\/#breadcrumb","itemListElement":[{"@type":"ListItem","position":1,"name":"Home","item":"https:\/\/www.epilepsia.fi\/epilepsiatutkimussaatio\/"},{"@type":"ListItem","position":2,"name":"V\u00e4it\u00f6suutisia: Katarin Gorski v\u00e4ittelee Helsingin yliopistossa 5.12.2025"}]},{"@type":"WebSite","@id":"https:\/\/www.epilepsia.fi\/epilepsiatutkimussaatio\/#website","url":"https:\/\/www.epilepsia.fi\/epilepsiatutkimussaatio\/","name":"Epilepsiatutkimuss\u00e4\u00e4ti\u00f6","description":"Epilepsiatutkimuss\u00e4\u00e4ti\u00f6 site","potentialAction":[{"@type":"SearchAction","target":{"@type":"EntryPoint","urlTemplate":"https:\/\/www.epilepsia.fi\/epilepsiatutkimussaatio\/?s={search_term_string}"},"query-input":{"@type":"PropertyValueSpecification","valueRequired":true,"valueName":"search_term_string"}}],"inLanguage":"fi"}]}},"lang":"fi","translations":{"fi":953},"pll_sync_post":{},"_links":{"self":[{"href":"https:\/\/www.epilepsia.fi\/epilepsiatutkimussaatio\/wp-json\/wp\/v2\/pages\/953","targetHints":{"allow":["GET"]}}],"collection":[{"href":"https:\/\/www.epilepsia.fi\/epilepsiatutkimussaatio\/wp-json\/wp\/v2\/pages"}],"about":[{"href":"https:\/\/www.epilepsia.fi\/epilepsiatutkimussaatio\/wp-json\/wp\/v2\/types\/page"}],"author":[{"embeddable":true,"href":"https:\/\/www.epilepsia.fi\/epilepsiatutkimussaatio\/wp-json\/wp\/v2\/users\/19"}],"replies":[{"embeddable":true,"href":"https:\/\/www.epilepsia.fi\/epilepsiatutkimussaatio\/wp-json\/wp\/v2\/comments?post=953"}],"version-history":[{"count":2,"href":"https:\/\/www.epilepsia.fi\/epilepsiatutkimussaatio\/wp-json\/wp\/v2\/pages\/953\/revisions"}],"predecessor-version":[{"id":955,"href":"https:\/\/www.epilepsia.fi\/epilepsiatutkimussaatio\/wp-json\/wp\/v2\/pages\/953\/revisions\/955"}],"wp:attachment":[{"href":"https:\/\/www.epilepsia.fi\/epilepsiatutkimussaatio\/wp-json\/wp\/v2\/media?parent=953"}],"curies":[{"name":"wp","href":"https:\/\/api.w.org\/{rel}","templated":true}]}}